{"version":"1.0","provider_name":"radar","provider_url":"https:\/\/radarhh.com\/fr\/","author_name":"alyeska@octaveoscar.com","author_url":"https:\/\/radarhh.com\/fr\/author\/alyeskaoctaveoscar-com\/","title":"Diversit\u00e9 et inclusion | radar","type":"rich","width":600,"height":338,"html":"<blockquote class=\"wp-embedded-content\" data-secret=\"k9eAmYkoNn\"><a href=\"https:\/\/radarhh.com\/fr\/marque-employeur\/diversite-et-inclusion\/\">Diversit\u00e9 et inclusion<\/a><\/blockquote><iframe sandbox=\"allow-scripts\" security=\"restricted\" src=\"https:\/\/radarhh.com\/fr\/marque-employeur\/diversite-et-inclusion\/embed\/#?secret=k9eAmYkoNn\" width=\"600\" height=\"338\" title=\"&#8220;Diversit\u00e9 et inclusion&#8221; &#8212; radar\" data-secret=\"k9eAmYkoNn\" frameborder=\"0\" marginwidth=\"0\" marginheight=\"0\" scrolling=\"no\" class=\"wp-embedded-content\"><\/iframe><script type=\"text\/javascript\">\n\/* <![CDATA[ *\/\n\/*! This file is auto-generated *\/\n!function(d,l){\"use strict\";l.querySelector&&d.addEventListener&&\"undefined\"!=typeof URL&&(d.wp=d.wp||{},d.wp.receiveEmbedMessage||(d.wp.receiveEmbedMessage=function(e){var t=e.data;if((t||t.secret||t.message||t.value)&&!\/[^a-zA-Z0-9]\/.test(t.secret)){for(var s,r,n,a=l.querySelectorAll('iframe[data-secret=\"'+t.secret+'\"]'),o=l.querySelectorAll('blockquote[data-secret=\"'+t.secret+'\"]'),c=new RegExp(\"^https?:$\",\"i\"),i=0;i<o.length;i++)o[i].style.display=\"none\";for(i=0;i<a.length;i++)s=a[i],e.source===s.contentWindow&&(s.removeAttribute(\"style\"),\"height\"===t.message?(1e3<(r=parseInt(t.value,10))?r=1e3:~~r<200&&(r=200),s.height=r):\"link\"===t.message&&(r=new URL(s.getAttribute(\"src\")),n=new URL(t.value),c.test(n.protocol))&&n.host===r.host&&l.activeElement===s&&(d.top.location.href=t.value))}},d.addEventListener(\"message\",d.wp.receiveEmbedMessage,!1),l.addEventListener(\"DOMContentLoaded\",function(){for(var e,t,s=l.querySelectorAll(\"iframe.wp-embedded-content\"),r=0;r<s.length;r++)(t=(e=s[r]).getAttribute(\"data-secret\"))||(t=Math.random().toString(36).substring(2,12),e.src+=\"#?secret=\"+t,e.setAttribute(\"data-secret\",t)),e.contentWindow.postMessage({message:\"ready\",secret:t},\"*\")},!1)))}(window,document);\n\/\/# sourceURL=https:\/\/radarhh.com\/wp-includes\/js\/wp-embed.min.js\n\/* ]]> *\/\n<\/script>\n","thumbnail_url":"https:\/\/radarhh.com\/wp-content\/uploads\/2023\/01\/featured-grid.jpg","thumbnail_width":671,"thumbnail_height":418,"description":"Bien plus qu\u2019un sujet d\u2019actualit\u00e9, diversit\u00e9 et inclusion font partie int\u00e9grante des responsabilit\u00e9s des employeurs. Dans cet article, nous vous proposons des pistes pour mieux comprendre, aborder et g\u00e9rer ces th\u00e9matiques."}